{"id":1589,"date":"2019-06-12T16:29:08","date_gmt":"2019-06-12T16:29:08","guid":{"rendered":"https:\/\/zahnaerztin-haar.de\/?page_id=1589"},"modified":"2021-07-16T03:42:21","modified_gmt":"2021-07-16T03:42:21","slug":"leistungen","status":"publish","type":"page","link":"https:\/\/zahnaerztin-haar.de\/?page_id=1589","title":{"rendered":"Leistungen"},"content":{"rendered":"<p>[et_pb_section fb_built=&#8220;1&#8243; background_color=&#8220;#84d4ee&#8220; disabled_on=&#8220;on|off|off&#8220; admin_label=&#8220;section&#8220;][et_pb_row admin_label=&#8220;row&#8220;][et_pb_column type=&#8220;4_4&#8243; parallax=&#8220;off&#8220; parallax_method=&#8220;on&#8220;][et_pb_text background_layout=&#8220;dark&#8220; admin_label=&#8220;TABLET &#038; DESKTOP Text: LEISTUNGSSPEKTRUM&#8220;]<\/p>\n<h1 style=\"text-align: center;\"><span style=\"font-size: xx-large;\">LEISTUNGSSPEKTRUM<\/span><\/h1>\n<p>[\/et_pb_text][\/et_pb_column][\/et_pb_row][\/et_pb_section][et_pb_section fb_built=&#8220;1&#8243; background_color=&#8220;#84d4ee&#8220; disabled_on=&#8220;on<br \/>\n|on|on&#8220; admin_label=&#8220;section&#8220; custom_padding=&#8220;54px|0px|11px|0px&#8220;][et_pb_row admin_label=&#8220;row&#8220;][et_pb_column type=&#8220;4_4&#8243; parallax=&#8220;off&#8220; parallax_method=&#8220;on&#8220;][et_pb_text background_layout=&#8220;dark&#8220; admin_label=&#8220;TABLET &#038; DESKTOP Text: LEISTUNGSSPEKTRUM&#8220;]<\/p>\n<h1 style=\"text-align: center;\"><span style=\"font-size: x-large;\">LEISTUNGSSPEKTRUM<\/span><\/h1>\n<p>[\/et_pb_text][\/et_pb_column][\/et_pb_row][\/et_pb_section][et_pb_section fb_built=&#8220;1&#8243; admin_label=&#8220;Sektion&#8220; custom_padding=&#8220;45px|0px|54px|0px&#8220;][et_pb_row parallax_method_1=&#8220;off&#8220; parallax_method_2=&#8220;off&#8220; disabled_on=&#8220;off||&#8220; admin_label=&#8220;Zeile&#8220;][et_pb_column type=&#8220;1_2&#8243; parallax=&#8220;off&#8220; parallax_method=&#8220;off&#8220;][et_pb_image src=&#8220;https:\/\/zahnaerztin-haar.de\/wp-content\/uploads\/2018\/01\/EMS_GBT_8Schritte_klein.jpg&#8220; animation=&#8220;off&#8220; disabled_on=&#8220;on||&#8220; admin_label=&#8220;Web 1.Bild Prophylaxe&#8220;][\/et_pb_image][et_pb_text disabled_on=&#8220;|on|on&#8220; admin_label=&#8220;Text&#8220;]<\/p>\n<h1 style=\"text-align: left;\">Prophylaxe<\/h1>\n<p>Gesunde Z\u00e4hne und gesundes Zahnfleisch ein Leben lang &#8211; mit der richtigen\u00a0Prophylaxe kann jeder dieses Ziel erreichen. Unter Prophylaxe wird die individuelle Professionelle Zahnreinigung in der Zahnarzt-Praxis verstanden. Je fr\u00fcher man mit der\u00a0Prophylaxe beginnt, um so eher k\u00f6nnen Eingriffe durch den Zahnarzt vermieden werden. Wir gehen nach der &#8222;Guided Biofilm Therapy&#8220; vor, denn dieses besonders schonende Verfahren gew\u00e4hrleistet einen systematischen und qualit\u00e4tsgesicherten Ablauf.<\/p>\n<ul>\n<li>Behandlungs- und Prophylaxeplan<\/li>\n<li>Schwachstellenanalyse<\/li>\n<li>Erhaltungstherapie<\/li>\n<li>Parodontaldiagnostik<\/li>\n<\/ul>\n<p>[\/et_pb_text][\/et_pb_column][et_pb_column type=&#8220;1_2&#8243; parallax=&#8220;off&#8220; parallax_method=&#8220;off&#8220;][et_pb_text disabled_on=&#8220;on||&#8220; admin_label=&#8220;Text&#8220;]<\/p>\n<h1>Prophylaxe<\/h1>\n<p>Gesunde Z\u00e4hne und gesundes Zahnfleisch ein Leben lang &#8211; mit der richtigen\u00a0Prophylaxe kann jeder dieses Ziel erreichen. Unter Prophylaxe wird die individuelle Professionelle Zahnreinigung in der Zahnarztpraxis verstanden. Je fr\u00fcher man mit der\u00a0Prophylaxe beginnt, um so eher k\u00f6nnen Eingriffe durch den Zahnarzt vermieden werden. Wir gehen nach der &#8222;Guided Biofilm Therapy&#8220; vor, denn dieses besonders schonende Verfahren gew\u00e4hrleistet einen systematischen und qualit\u00e4tsgesicherten Ablauf.<\/p>\n<ul>\n<li>Behandlungs- und Prophylaxeplan<\/li>\n<li>Schwachstellenanalyse<\/li>\n<li>Erhaltungstherapie<\/li>\n<li>Parodontaldiagnostik<\/li>\n<\/ul>\n<p>[\/et_pb_text][et_pb_image src=&#8220;https:\/\/zahnaerztin-haar.de\/wp-content\/uploads\/2018\/01\/EMS_GBT_8Schritte_klein.jpg&#8220; animation=&#8220;off&#8220; disabled_on=&#8220;|on|on&#8220; admin_label=&#8220;Mobil 1.Bild Prophylaxe&#8220;][\/et_pb_image][\/et_pb_column][\/et_pb_row][et_pb_row admin_label=&#8220;Zeile&#8220;][et_pb_column type=&#8220;1_2&#8243; parallax=&#8220;off&#8220; parallax_method=&#8220;on&#8220;][et_pb_text admin_label=&#8220;Text&#8220;]<\/p>\n<h1>Parodontitis Behandlung und Pr\u00e4vention<\/h1>\n<p class=\"p1\">Wie bei vielen Zahnerkrankungen gilt auch f\u00fcr die Parodontitis: Vorsorge ist die beste Behandlung. Wir bieten Ihnen diese an.<br \/>\nEin umfassendes Behandlungskonzept wird individuell f\u00fcr Sie ermittelt, das den Grundstein f\u00fcr Ihre Zahngesundheit legt. Unser Ziel ist es, Ihnen die Chance auf lebenslangen Zahnerhalt durch die Fr\u00fcherkennung von Parodontitis zu erm\u00f6glichen.<\/p>\n<p>[\/et_pb_text][\/et_pb_column][et_pb_column type=&#8220;1_2&#8243; parallax=&#8220;off&#8220; parallax_method=&#8220;on&#8220;][et_pb_image src=&#8220;https:\/\/zahnaerztin-haar.de\/wp-content\/uploads\/2019\/06\/20190125_162031-B17A0169-Bearbeitet-Bearbeitet.jpg&#8220; animation=&#8220;off&#8220; admin_label=&#8220;Bild&#8220;][\/et_pb_image][\/et_pb_column][\/et_pb_row][et_pb_row parallax_method_1=&#8220;off&#8220; parallax_method_2=&#8220;off&#8220; disabled_on=&#8220;off||&#8220; admin_label=&#8220;Zeile&#8220;][et_pb_column type=&#8220;1_2&#8243; parallax=&#8220;off&#8220; parallax_method=&#8220;off&#8220;][et_pb_image src=&#8220;https:\/\/zahnaerztin-haar.de\/wp-content\/uploads\/2018\/01\/AdobeStock_84092269.jpeg&#8220; animation=&#8220;off&#8220; disabled_on=&#8220;on||&#8220; admin_label=&#8220;Web 3. Bild F\u00fcllungstherapie&#8220;][\/et_pb_image][et_pb_text disabled_on=&#8220;|on|on&#8220; admin_label=&#8220;Text&#8220;]<\/p>\n<h1>F\u00fcllungstherapie<\/h1>\n<p>Eine der h\u00e4ufigsten Gr\u00fcnde f\u00fcr einen &#8222;spontanen&#8220; Besuch beim Zahnarzt ist das bekannte &#8222;Loch im Zahn&#8220;. Entstanden oft durch Karies, verursacht es Schmerzen und muss schnellstm\u00f6glich behandelt werden. Ansonsten kann sich die Karies weiter ausbreiten und mit der Zeit gr\u00f6\u00dfere Sch\u00e4den am Zahn anrichten.\u00a0Wir bieten Ihnen moderne und hochwertige Kunstoff- und Keramik-F\u00fcllungen an. Einer der wesentlichen Vorteile ist, dass die F\u00fcllungen mit zahnfarbenen Material hergestellt werden und somit die Optik der Z\u00e4hne bestm\u00f6glich erh\u00e4lt.<\/p>\n<ul>\n<li>Kunststoff- \/Keramikf\u00fcllungen<\/li>\n<li>Inlays<\/li>\n<li>Kariesbehandlung ohne Bohrer (Icon-Verfahren)<\/li>\n<\/ul>\n<p>[\/et_pb_text][\/et_pb_column][et_pb_column type=&#8220;1_2&#8243; parallax=&#8220;off&#8220; parallax_method=&#8220;off&#8220;][et_pb_text disabled_on=&#8220;on||&#8220; admin_label=&#8220;Text&#8220;]<\/p>\n<h1>F\u00fcllungstherapie<\/h1>\n<p>Eine der h\u00e4ufigsten Gr\u00fcnde f\u00fcr einen &#8222;spontanen&#8220; Besuch beim Zahnarzt ist das bekannte &#8222;Loch im Zahn&#8220;. Entstanden oft durch Karies, verursacht es Schmerzen und muss schnellstm\u00f6glich behandelt werden. Ansonsten kann sich die Karies weiter ausbreiten und mit der Zeit gr\u00f6\u00dfere Sch\u00e4den am Zahn anrichten.\u00a0Wir bieten Ihnen moderne und hochwertige Kunstoff- und Keramik-F\u00fcllungen an. Einer der wesentlichen Vorteile ist, dass die F\u00fcllungen mit zahnfarbenen Material hergestellt werden und somit die Optik der Z\u00e4hne bestm\u00f6glich erh\u00e4lt.<\/p>\n<ul>\n<li>Kunststoff- \/Keramikf\u00fcllungen<\/li>\n<li>Inlays<\/li>\n<li>Kariesbehandlung ohne Bohrer (Icon-Verfahren)<\/li>\n<\/ul>\n<p>[\/et_pb_text][et_pb_image src=&#8220;https:\/\/zahnaerztin-haar.de\/wp-content\/uploads\/2018\/01\/AdobeStock_84092269.jpeg&#8220; animation=&#8220;off&#8220; disabled_on=&#8220;|on|on&#8220; admin_label=&#8220;Mobil 3. Bild F\u00fcllungstherapie&#8220;][\/et_pb_image][\/et_pb_column][\/et_pb_row][et_pb_row parallax_method_1=&#8220;off&#8220; parallax_method_2=&#8220;off&#8220; disabled_on=&#8220;on|off|off&#8220; admin_label=&#8220;Zeile&#8220;][et_pb_column type=&#8220;1_2&#8243; parallax=&#8220;off&#8220; parallax_method=&#8220;off&#8220;][et_pb_text admin_label=&#8220;Text: Wurzelkanalbehandlung&#8220;]<\/p>\n<h1>Wurzelkanalbehandlung<\/h1>\n<p class=\"p1\">Der T\u00e4tigkeitsschwerpunkt unserer Praxis ist die Endodontie. Modernstes Equipment, kontinuierliche Fortbildungen auf h\u00f6chstem Niveau und die Mitgliedschaft in der Deutschen Gesellschaft f\u00fcr Endodontie erm\u00f6glichen Erfolgsquoten von bis zu 95%.<\/p>\n<p>Unser Leistungsspektrum umfasst folgende Punkte:<\/p>\n<ul>\n<li>Prim\u00e4re Wurzelkanalbehandlung<\/li>\n<li>Revisionsbehandlung<\/li>\n<li>Behandlung traumatologisch gesch\u00e4digter Z\u00e4hne<\/li>\n<li>Internes Bleaching<\/li>\n<\/ul>\n<p>[\/et_pb_text][\/et_pb_column][et_pb_column type=&#8220;1_2&#8243; parallax=&#8220;off&#8220; parallax_method=&#8220;off&#8220;][et_pb_image src=&#8220;https:\/\/zahnaerztin-haar.de\/wp-content\/uploads\/2019\/06\/20190125_163103-023A0751-Bearbeitet-Bearbeitet.jpg&#8220; animation=&#8220;off&#8220; admin_label=&#8220;Bild&#8220;][\/et_pb_image][\/et_pb_column][\/et_pb_row][et_pb_row parallax_method_1=&#8220;off&#8220; parallax_method_2=&#8220;off&#8220; disabled_on=&#8220;off<br \/>\n|on|on&#8220; admin_label=&#8220;Zeile&#8220;][et_pb_column type=&#8220;1_2&#8243; parallax=&#8220;off&#8220; parallax_method=&#8220;off&#8220;][et_pb_text admin_label=&#8220;Text: Wurzelkanalbehandlung&#8220;]<\/p>\n<h1>Wurzelkanal-behandlung<\/h1>\n<p class=\"p1\">Der T\u00e4tigkeitsschwerpunkt unserer Praxis ist die Endodontie. Modernstes Equipment, kontinuierliche Fortbildungen auf h\u00f6chstem Niveau und die Mitgliedschaft in der Deutschen Gesellschaft f\u00fcr Endodontie erm\u00f6glichen Erfolgsquoten von bis zu 95%.<\/p>\n<p>Unser Leistungsspektrum umfasst folgende Punkte:<\/p>\n<ul>\n<li>Prim\u00e4re Wurzelkanalbehandlung<\/li>\n<li>Revisionsbehandlung<\/li>\n<li>Behandlung traumatologisch gesch\u00e4digter Z\u00e4hne<\/li>\n<li>Internes Bleaching<\/li>\n<\/ul>\n<p>[\/et_pb_text][\/et_pb_column][et_pb_column type=&#8220;1_2&#8243; parallax=&#8220;off&#8220; parallax_method=&#8220;off&#8220;][et_pb_image src=&#8220;https:\/\/zahnaerztin-haar.de\/wp-content\/uploads\/2019\/06\/20190125_163103-023A0751-Bearbeitet-Bearbeitet.jpg&#8220; animation=&#8220;off&#8220; admin_label=&#8220;Bild&#8220;][\/et_pb_image][\/et_pb_column][\/et_pb_row][et_pb_row parallax_method_1=&#8220;off&#8220; parallax_method_2=&#8220;off&#8220; disabled_on=&#8220;off||&#8220; admin_label=&#8220;Zeile&#8220;][et_pb_column type=&#8220;1_2&#8243; parallax=&#8220;off&#8220; parallax_method=&#8220;off&#8220;][et_pb_image src=&#8220;https:\/\/zahnaerztin-haar.de\/wp-content\/uploads\/2019\/06\/20190125_154912-B17A9992-Bearbeitet.jpg&#8220; animation=&#8220;off&#8220; disabled_on=&#8220;on||&#8220; admin_label=&#8220;Bild&#8220;][\/et_pb_image][et_pb_text disabled_on=&#8220;|on|on&#8220; admin_label=&#8220;NUR PHONE Text: Cerec&#8220;]<\/p>\n<h1 style=\"text-align: left;\">Digitaler Zahnersatz (Cerec)<\/h1>\n<p>Der abdruckfreie, computergest\u00fctzte Herstellungsprozess erm\u00f6glicht einen maximalen Erhalt Ihrer gesunden Zahnsubstanz sowie eine metallfreie Restauration mit biokompatibler Zahnkeramik. In einem kontrollierten Verfahren wird der Rohstoff genau an die nat\u00fcrliche Schmelzh\u00e4rte angepasst. Der Zahn wird bequem mit einer Oralkamera gescannt.\u00a0Aus einem Keramikblock, der farblich Ihren Z\u00e4hnen entspricht, wird die am Computer individuell f\u00fcr Sie konstruierte Restauration z.B. Inlay, Verblendschale (Veneers), Teilkrone oder Krone herausgefr\u00e4st. Das perfekte Einkleben in den Zahn sichert extrem lange Haltbarkeit. Politur und Glasur schaffen angenehm glatte Oberfl\u00e4chen.<\/p>\n<ul>\n<li>In-\/ Onlays<\/li>\n<li>(Teil-)Kronen<\/li>\n<li>Veneers<\/li>\n<li>Br\u00fccken<\/li>\n<li>Implantatkronen<\/li>\n<\/ul>\n<p>[\/et_pb_text][\/et_pb_column][et_pb_column type=&#8220;1_2&#8243; parallax=&#8220;off&#8220; parallax_method=&#8220;off&#8220;][et_pb_text disabled_on=&#8220;on||&#8220; admin_label=&#8220;Text: Cerec&#8220;]<\/p>\n<h1 style=\"text-align: left;\">Digitaler Zahnersatz (Cerec)<\/h1>\n<p>Der abdruckfreie, computergest\u00fctzte Herstellungsprozess erm\u00f6glicht einen maximalen Erhalt Ihrer gesunden Zahnsubstanz sowie eine metallfreie Restauration mit biokompatibler Zahnkeramik. In einem kontrollierten Verfahren wird der Rohstoff genau an die nat\u00fcrliche Schmelzh\u00e4rte angepasst. Der Zahn wird bequem mit einer Oralkamera gescannt.\u00a0Aus einem Keramikblock, der farblich Ihren Z\u00e4hnen entspricht, wird die am Computer individuell f\u00fcr Sie konstruierte Restauration z.B. Inlay, Verblendschale (Veneers), Teilkrone oder Krone herausgefr\u00e4st. Das perfekte Einkleben in den Zahn sichert extrem lange Haltbarkeit. Politur und Glasur schaffen angenehm glatte Oberfl\u00e4chen.<\/p>\n<ul>\n<li>In-\/ Onlays<\/li>\n<li>(Teil-)Kronen<\/li>\n<li>Veneers<\/li>\n<li>Br\u00fccken<\/li>\n<li>Implantatkronen<\/li>\n<\/ul>\n<p>[\/et_pb_text][et_pb_image src=&#8220;https:\/\/zahnaerztin-haar.de\/wp-content\/uploads\/2019\/06\/20190125_154912-B17A9992-Bearbeitet.jpg&#8220; animation=&#8220;off&#8220; disabled_on=&#8220;|on|on&#8220; admin_label=&#8220;Bild&#8220;][\/et_pb_image][\/et_pb_column][\/et_pb_row][et_pb_row parallax_method_1=&#8220;off&#8220; parallax_method_2=&#8220;off&#8220; disabled_on=&#8220;off||&#8220; admin_label=&#8220;Zeile&#8220;][et_pb_column type=&#8220;1_2&#8243; parallax=&#8220;off&#8220; parallax_method=&#8220;off&#8220;][et_pb_text admin_label=&#8220;Text: Laborgefertigter Zahnersatz&#8220;]<\/p>\n<h1 style=\"text-align: left;\">Laborgefertigter Zahnersatz<\/h1>\n<p>Wir arbeiten ausschlie\u00dflich mit spezialisierten Dentallaboren in der n\u00e4heren Umgebung\u00a0zusammen, die Arbeiten h\u00f6chster Qualit\u00e4t zu ihrem Markenzeichen machen. Beim laborgefertigten Zahnersatz handelt es sich um individuelle Werkst\u00fccke, die von nat\u00fcrlichen Z\u00e4hnen kaum zu unterscheiden sind und sich perfekt in die eigene Zahnreihe einpassen lassen. Die Auswahl des verwendeten Materials (Metall, Keramik) richtet sich individuell nach der Gr\u00f6\u00dfe des vorhandenen Defektes.<\/p>\n<ul>\n<li>In-\/ Onlays<\/li>\n<li>(Teil-)Kronen<\/li>\n<li>Veneers<\/li>\n<li>Br\u00fccken<\/li>\n<li>Implantatkronen<\/li>\n<li>herausnehmbarer Zahnersatz<\/li>\n<\/ul>\n<p>[\/et_pb_text][\/et_pb_column][et_pb_column type=&#8220;1_2&#8243; parallax=&#8220;off&#8220; parallax_method=&#8220;off&#8220;][et_pb_image src=&#8220;https:\/\/zahnaerztin-haar.de\/wp-content\/uploads\/2021\/07\/Laborgefertigter-Zahnersatz-scaled.jpeg&#8220; animation=&#8220;off&#8220; admin_label=&#8220;Bild&#8220;][\/et_pb_image][\/et_pb_column][\/et_pb_row][et_pb_row parallax_method_1=&#8220;off&#8220; parallax_method_2=&#8220;off&#8220; disabled_on=&#8220;off||&#8220; admin_label=&#8220;Zeile&#8220;][et_pb_column type=&#8220;1_2&#8243; parallax=&#8220;off&#8220; parallax_method=&#8220;off&#8220;][et_pb_image src=&#8220;https:\/\/zahnaerztin-haar.de\/wp-content\/uploads\/2019\/06\/20190125_151641-B17A9826-Bearbeitet.jpg&#8220; animation=&#8220;off&#8220; disabled_on=&#8220;on||&#8220; admin_label=&#8220;Bild&#8220;][\/et_pb_image][et_pb_text disabled_on=&#8220;|on|on&#8220; admin_label=&#8220;NUR PHONE Text: Implantate&#8220;]<\/p>\n<h1 style=\"text-align: left;\">Implantate<\/h1>\n<p>Sorgenfrei und kraftvoll zubei\u00dfen! Hochwertige Zahnimplantate bieten wir Ihnen durch eine enge\u00a0Zusammenarbeit\u00a0mit unseren\u00a0erfahrenen Kieferchirurgen\u00a0aus der Region an. Die verschiedenen Behandlungsm\u00f6glichkeiten erfolgen in Absprache mit einem Zahntechniker und\u00a0Chirurgen.<\/p>\n<p>Unser Leistungsspektrum im Bereich der Implantologie:<\/p>\n<ul>\n<li>Implantatprothetik<\/li>\n<li>interdisziplin\u00e4re Zusammenarbeit mit spezialisierten Fachkollegen<\/li>\n<\/ul>\n<p>[\/et_pb_text][\/et_pb_column][et_pb_column type=&#8220;1_2&#8243; parallax=&#8220;off&#8220; parallax_method=&#8220;off&#8220;][et_pb_text disabled_on=&#8220;on||&#8220; admin_label=&#8220;Text: Implantate&#8220;]<\/p>\n<h1 style=\"text-align: left;\">Implantate<\/h1>\n<p>Sorgenfrei und kraftvoll zubei\u00dfen! Hochwertige Zahnimplantate bieten wir Ihnen durch eine enge\u00a0Zusammenarbeit\u00a0mit unseren\u00a0erfahrenen Kieferchirurgen\u00a0aus der Region an. Die verschiedenen Behandlungsm\u00f6glichkeiten erfolgen in Absprache mit einem Zahntechniker und\u00a0Chirurgen.<\/p>\n<p>Unser Leistungsspektrum im Bereich der Implantologie:<\/p>\n<ul>\n<li>Implantatprothetik<\/li>\n<li>interdisziplin\u00e4re Zusammenarbeit mit spezialisierten Fachkollegen<\/li>\n<\/ul>\n<p>[\/et_pb_text][et_pb_image src=&#8220;https:\/\/zahnaerztin-haar.de\/wp-content\/uploads\/2019\/06\/20190125_151641-B17A9826-Bearbeitet.jpg&#8220; disabled_on=&#8220;|on|on&#8220; admin_label=&#8220;Bild&#8220;][\/et_pb_image][\/et_pb_column][\/et_pb_row][et_pb_row parallax_method_1=&#8220;off&#8220; parallax_method_2=&#8220;off&#8220; disabled_on=&#8220;off||&#8220; admin_label=&#8220;Zeile&#8220;][et_pb_column type=&#8220;1_2&#8243; parallax=&#8220;off&#8220; parallax_method=&#8220;off&#8220;][et_pb_text admin_label=&#8220;Text: Unsichtbare Zahnkorrektur&#8220;]<\/p>\n<h1 style=\"text-align: left;\">Unsichtbare Zahnkorrektur mit Invisalign GO<\/h1>\n<p>Das Invisalign Go System wurde speziell entwickelt, um leichte bis moderate Zahnfehlstellungen zu korrigieren und bringt viele Vorteile mit sich:<\/p>\n<ul>\n<li>Die nahezu unsichtbaren Zahnschienen st\u00f6ren im Alltag nicht und erzielen bei kleineren Korrekturen im Frontzahnbereich gute Ergebnisse in kurzer Zeit.<\/li>\n<li>Die im Gegensatz zu herk\u00f6mmlichen Zahnspangen relativ kurze Tragezeit von nur rund 6 Monaten verspricht eine zeitnahe Korrektur der Zahnfehlstellung.<\/li>\n<li>Das Prinzip der Zahnkorrektur funktioniert genauso wie bei den kieferorthop\u00e4dischen Zahnspangen: Die Z\u00e4hne werden durch sanften Druck in die gew\u00fcnschte Position bewegt.<\/li>\n<\/ul>\n<p>[\/et_pb_text][\/et_pb_column][et_pb_column type=&#8220;1_2&#8243; parallax=&#8220;off&#8220; parallax_method=&#8220;off&#8220;][et_pb_image src=&#8220;https:\/\/zahnaerztin-haar.de\/wp-content\/uploads\/2019\/06\/20190125_160958-B17A0118-Bearbeitet.jpg&#8220; animation=&#8220;off&#8220; admin_label=&#8220;Bild&#8220;][\/et_pb_image][\/et_pb_column][\/et_pb_row][et_pb_row parallax_method_1=&#8220;off&#8220; parallax_method_2=&#8220;off&#8220; disabled_on=&#8220;off||&#8220; admin_label=&#8220;Zeile&#8220;][et_pb_column type=&#8220;1_2&#8243; parallax=&#8220;off&#8220; parallax_method=&#8220;off&#8220;][et_pb_text disabled_on=&#8220;on||&#8220; admin_label=&#8220;Text Bild Kinder&#8220;]<\/p>\n<p><img loading=\"lazy\" decoding=\"async\" class=\"alignnone size-medium wp-image-294 aligncenter\" src=\"https:\/\/zahnaerztin-haar.de\/wp-content\/uploads\/2018\/01\/Prophylaxe_Kinder_Zahnarzt-200x300.png\" alt=\"\" width=\"250\" height=\"375\" srcset=\"https:\/\/zahnaerztin-haar.de\/wp-content\/uploads\/2018\/01\/Prophylaxe_Kinder_Zahnarzt-200x300.png 200w, https:\/\/zahnaerztin-haar.de\/wp-content\/uploads\/2018\/01\/Prophylaxe_Kinder_Zahnarzt-768x1152.png 768w, https:\/\/zahnaerztin-haar.de\/wp-content\/uploads\/2018\/01\/Prophylaxe_Kinder_Zahnarzt-682x1024.png 682w, https:\/\/zahnaerztin-haar.de\/wp-content\/uploads\/2018\/01\/Prophylaxe_Kinder_Zahnarzt-1080x1620.png 1080w, https:\/\/zahnaerztin-haar.de\/wp-content\/uploads\/2018\/01\/Prophylaxe_Kinder_Zahnarzt.png 1301w\" sizes=\"auto, (max-width: 250px) 100vw, 250px\" \/><\/p>\n<p>[\/et_pb_text][et_pb_text disabled_on=&#8220;|on|on&#8220; admin_label=&#8220;Text: Kinderbehandlung&#8220;]<\/p>\n<h1 style=\"text-align: left;\">Kinderbehandlung<\/h1>\n<p>Kleine Patienten stehen hier im Mittelpunkt! Mit Einf\u00fchlungsverm\u00f6gen, Kreativit\u00e4t und einer passenden Kommunikation schaffen wir eine Wohlf\u00fchlatmosph\u00e4re f\u00fcr Kinder und Jugendliche. Besonderes Augenmerk legen wir auch auf eine hochwertige Kinder-\/ Jugendprophylaxe zum Erhalt der nat\u00fcrlichen Z\u00e4hne von klein auf.<\/p>\n<p>[\/et_pb_text][\/et_pb_column][et_pb_column type=&#8220;1_2&#8243; parallax=&#8220;off&#8220; parallax_method=&#8220;off&#8220;][et_pb_text disabled_on=&#8220;on||&#8220; admin_label=&#8220;Text&#8220;]<\/p>\n<h1>Kinderbehandlung<\/h1>\n<p>Kleine Patienten stehen hier im Mittelpunkt! Mit Einf\u00fchlungsverm\u00f6gen, Kreativit\u00e4t und einer passenden Kommunikation schaffen wir eine Wohlf\u00fchlatmosph\u00e4re f\u00fcr Kinder und Jugendliche. Besonderes Augenmerk legen wir auch auf eine hochwertige Kinder-\/ Jugendprophylaxe zum Erhalt der nat\u00fcrlichen Z\u00e4hne von klein auf.<\/p>\n<p>[\/et_pb_text][et_pb_text disabled_on=&#8220;|on|on&#8220; admin_label=&#8220;Text&#8220;]<\/p>\n<p><img loading=\"lazy\" decoding=\"async\" class=\"alignnone size-medium wp-image-294 aligncenter\" src=\"https:\/\/zahnaerztin-haar.de\/wp-content\/uploads\/2018\/01\/Prophylaxe_Kinder_Zahnarzt-200x300.png\" alt=\"\" width=\"200\" height=\"300\" srcset=\"https:\/\/zahnaerztin-haar.de\/wp-content\/uploads\/2018\/01\/Prophylaxe_Kinder_Zahnarzt-200x300.png 200w, https:\/\/zahnaerztin-haar.de\/wp-content\/uploads\/2018\/01\/Prophylaxe_Kinder_Zahnarzt-768x1152.png 768w, https:\/\/zahnaerztin-haar.de\/wp-content\/uploads\/2018\/01\/Prophylaxe_Kinder_Zahnarzt-682x1024.png 682w, https:\/\/zahnaerztin-haar.de\/wp-content\/uploads\/2018\/01\/Prophylaxe_Kinder_Zahnarzt-1080x1620.png 1080w, https:\/\/zahnaerztin-haar.de\/wp-content\/uploads\/2018\/01\/Prophylaxe_Kinder_Zahnarzt.png 1301w\" sizes=\"auto, (max-width: 200px) 100vw, 200px\" \/><\/p>\n<p>[\/et_pb_text][\/et_pb_column][\/et_pb_row][et_pb_row parallax_method_1=&#8220;off&#8220; parallax_method_2=&#8220;off&#8220; disabled_on=&#8220;off||&#8220; admin_label=&#8220;Zeile&#8220;][et_pb_column type=&#8220;1_2&#8243; parallax=&#8220;off&#8220; parallax_method=&#8220;off&#8220;][et_pb_text disabled_on=&#8220;on||&#8220; admin_label=&#8220;Text: Zahn\u00e4sthetik&#8220;]<\/p>\n<h1>Zahn\u00e4sthetik<\/h1>\n<p>Ein strahlendes L\u00e4cheln begeistert! Es steht f\u00fcr Attraktivit\u00e4t, Lebensfreude und Herzlichkeit.<\/p>\n<p>Wenn Sie mit der Farbe oder Form Ihrer Z\u00e4hne nicht zufrieden sind, m\u00fcssen Sie dies nicht hinnehmen \u2013 wir bieten Ihnen in unserer Praxis ein breites Spektrum \u00e4sthetischer Zahnbehandlungen an. Die Behandlungsschritte begleiten wir durch eine sorgf\u00e4ltige Fotodokumentation Ihrer Frontz\u00e4hne.<\/p>\n<ul>\n<li>Zahnaufhellung (Bleaching)<\/li>\n<li>Verblendschalen (Veneers)<\/li>\n<li>Frontzahn\u00e4sthetik<\/li>\n<li>farbindividualisierte Frontzahnf\u00fcllungen<\/li>\n<\/ul>\n<p>[\/et_pb_text][et_pb_text disabled_on=&#8220;|on|on&#8220; admin_label=&#8220;NUR PHONE Text: Zahn\u00e4sthetik&#8220;]<\/p>\n<h1>Zahn\u00e4sthetik<\/h1>\n<p>Ein strahlendes L\u00e4cheln begeistert! Es steht f\u00fcr Attraktivit\u00e4t, Lebensfreude und Herzlichkeit.<\/p>\n<p>Wenn Sie mit der Farbe oder Form Ihrer Z\u00e4hne nicht zufrieden sind, m\u00fcssen Sie dies nicht hinnehmen \u2013 wir bieten Ihnen in unserer Praxis ein breites Spektrum \u00e4sthetischer Zahnbehandlungen an. Die Behandlungsschritte begleiten wir durch eine sorgf\u00e4ltige Fotodokumentation Ihrer Frontz\u00e4hne.<\/p>\n<ul>\n<li>Zahnaufhellung (Bleaching)<\/li>\n<li>Verblendschalen (Veneers)<\/li>\n<li>Frontzahn\u00e4sthetik<\/li>\n<li>farbindividualisierte Frontzahnf\u00fcllungen<\/li>\n<\/ul>\n<p>[\/et_pb_text][\/et_pb_column][et_pb_column type=&#8220;1_2&#8243; parallax=&#8220;off&#8220; parallax_method=&#8220;off&#8220;][et_pb_image src=&#8220;https:\/\/zahnaerztin-haar.de\/wp-content\/uploads\/2019\/06\/20190125_160332-B17A0076-Bearbeitet.jpg&#8220; animation=&#8220;off&#8220; disabled_on=&#8220;on||&#8220; admin_label=&#8220;Bild&#8220;][\/et_pb_image][et_pb_image src=&#8220;https:\/\/zahnaerztin-haar.de\/wp-content\/uploads\/2019\/06\/20190125_160332-B17A0076-Bearbeitet.jpg&#8220; disabled_on=&#8220;|on|on&#8220; admin_label=&#8220;Bild&#8220;][\/et_pb_image][\/et_pb_column][\/et_pb_row][et_pb_row parallax_method_1=&#8220;off&#8220; parallax_method_2=&#8220;off&#8220; disabled_on=&#8220;off||&#8220; admin_label=&#8220;Zeile&#8220;][et_pb_column type=&#8220;1_2&#8243; parallax=&#8220;off&#8220; parallax_method=&#8220;off&#8220;][et_pb_image src=&#8220;https:\/\/zahnaerztin-haar.de\/wp-content\/uploads\/2018\/01\/leistungsspektrum_funktion.jpg&#8220; animation=&#8220;off&#8220; disabled_on=&#8220;on||&#8220; admin_label=&#8220;9. Bild Funktion&#8220;][\/et_pb_image][et_pb_text disabled_on=&#8220;off|on|on&#8220; admin_label=&#8220;NUR PHONE Text: Funktionsdiagnostik&#8220;]<\/p>\n<h1>Funktionsdiagnostik<\/h1>\n<p>Unser \u201eKausystem\u201c besteht aus Ober- und Unterkiefer, Z\u00e4hnen, Kiefermuskulatur und -gelenken sowie Sehnen und Nervenbahnen. Das harmonische Zusammenspiel der einzelnen Bestandteile ist \u00e4u\u00dferst wichtig, denn beim Kauen wirken enorme Kr\u00e4fte. Eine ungleichm\u00e4\u00dfige Verteilung dieser Kr\u00e4fte bzw. eine \u201efalscher Biss\u201c wird als Craniomandibul\u00e4re Dysfunktion (CMD) bezeichnet und kann eine Reihe von Beschwerden hervorrufen.<\/p>\n<p>Unser Leistungsspektrum im Bereich der Funktionsdiagnostik:<\/p>\n<ul>\n<li>manuelle Funktionsanalyse<\/li>\n<li>instrumentelle Funktionsanalyse<\/li>\n<li>Schienentherapie<\/li>\n<li>interdisziplin\u00e4re Zusammenarbeit mit Fachkollegen<\/li>\n<\/ul>\n<p>[\/et_pb_text][\/et_pb_column][et_pb_column type=&#8220;1_2&#8243; parallax=&#8220;off&#8220; parallax_method=&#8220;off&#8220;][et_pb_text disabled_on=&#8220;on||&#8220; admin_label=&#8220;WEB&#038;TABLET Text&#8220;]<\/p>\n<h1>Funktionsdiagnostik<\/h1>\n<p>Unser \u201eKausystem\u201c besteht aus Ober- und Unterkiefer, Z\u00e4hnen, Kiefermuskulatur und -gelenken sowie Sehnen und Nervenbahnen. Das harmonische Zusammenspiel der einzelnen Bestandteile ist \u00e4u\u00dferst wichtig, denn beim Kauen wirken enorme Kr\u00e4fte. Eine ungleichm\u00e4\u00dfige Verteilung dieser Kr\u00e4fte bzw. eine \u201efalscher Biss\u201c wird als Craniomandibul\u00e4re Dysfunktion (CMD) bezeichnet und kann eine Reihe von Beschwerden hervorrufen.<\/p>\n<p>Unser Leistungsspektrum im Bereich der Funktionsdiagnostik:<\/p>\n<ul>\n<li>manuelle Funktionsanalyse<\/li>\n<li>instrumentelle Funktionsanalyse<\/li>\n<li>Schienentherapie<\/li>\n<li>interdisziplin\u00e4re Zusammenarbeit mit Fachkollegen<\/li>\n<\/ul>\n<p>[\/et_pb_text][et_pb_image src=&#8220;https:\/\/zahnaerztin-haar.de\/wp-content\/uploads\/2018\/01\/leistungsspektrum_funktion.jpg&#8220; animation=&#8220;off&#8220; disabled_on=&#8220;off|on|on&#8220; admin_label=&#8220;9. Bild Funktion&#8220;][\/et_pb_image][\/et_pb_column][\/et_pb_row][\/et_pb_section]<\/p>\n","protected":false},"excerpt":{"rendered":"<p>[et_pb_section fb_built=&#8220;1&#8243; background_color=&#8220;#84d4ee&#8220; disabled_on=&#8220;on|off|off&#8220; admin_label=&#8220;section&#8220;][et_pb_row admin_label=&#8220;row&#8220;][et_pb_column type=&#8220;4_4&#8243; parallax=&#8220;off&#8220; parallax_method=&#8220;on&#8220;][et_pb_text background_layout=&#8220;dark&#8220; admin_label=&#8220;TABLET &#038; DESKTOP Text: LEISTUNGSSPEKTRUM&#8220;] LEISTUNGSSPEKTRUM [\/et_pb_text][\/et_pb_column][\/et_pb_row][\/et_pb_section][et_pb_section fb_built=&#8220;1&#8243; background_color=&#8220;#84d4ee&#8220; disabled_on=&#8220;on |on|on&#8220; admin_label=&#8220;section&#8220; custom_padding=&#8220;54px|0px|11px|0px&#8220;][et_pb_row admin_label=&#8220;row&#8220;][et_pb_column type=&#8220;4_4&#8243; parallax=&#8220;off&#8220; parallax_method=&#8220;on&#8220;][et_pb_text background_layout=&#8220;dark&#8220; admin_label=&#8220;TABLET &#038; DESKTOP Text: LEISTUNGSSPEKTRUM&#8220;] LEISTUNGSSPEKTRUM [\/et_pb_text][\/et_pb_column][\/et_pb_row][\/et_pb_section][et_pb_section fb_built=&#8220;1&#8243; admin_label=&#8220;Sektion&#8220; custom_padding=&#8220;45px|0px|54px|0px&#8220;][et_pb_row parallax_method_1=&#8220;off&#8220; parallax_method_2=&#8220;off&#8220; disabled_on=&#8220;off||&#8220; admin_label=&#8220;Zeile&#8220;][et_pb_column type=&#8220;1_2&#8243; parallax=&#8220;off&#8220; parallax_method=&#8220;off&#8220;][et_pb_image src=&#8220;https:\/\/zahnaerztin-haar.de\/wp-content\/uploads\/2018\/01\/EMS_GBT_8Schritte_klein.jpg&#8220; animation=&#8220;off&#8220; disabled_on=&#8220;on||&#8220; admin_label=&#8220;Web 1.Bild Prophylaxe&#8220;][\/et_pb_image][et_pb_text disabled_on=&#8220;|on|on&#8220; admin_label=&#8220;Text&#8220;] Prophylaxe Gesunde [&hellip;]<\/p>\n","protected":false},"author":1,"featured_media":0,"parent":0,"menu_order":0,"comment_status":"closed","ping_status":"closed","template":"","meta":{"footnotes":""},"class_list":["post-1589","page","type-page","status-publish","hentry"],"_links":{"self":[{"href":"https:\/\/zahnaerztin-haar.de\/index.php?rest_route=\/wp\/v2\/pages\/1589","targetHints":{"allow":["GET"]}}],"collection":[{"href":"https:\/\/zahnaerztin-haar.de\/index.php?rest_route=\/wp\/v2\/pages"}],"about":[{"href":"https:\/\/zahnaerztin-haar.de\/index.php?rest_route=\/wp\/v2\/types\/page"}],"author":[{"embeddable":true,"href":"https:\/\/zahnaerztin-haar.de\/index.php?rest_route=\/wp\/v2\/users\/1"}],"replies":[{"embeddable":true,"href":"https:\/\/zahnaerztin-haar.de\/index.php?rest_route=%2Fwp%2Fv2%2Fcomments&post=1589"}],"version-history":[{"count":27,"href":"https:\/\/zahnaerztin-haar.de\/index.php?rest_route=\/wp\/v2\/pages\/1589\/revisions"}],"predecessor-version":[{"id":2282,"href":"https:\/\/zahnaerztin-haar.de\/index.php?rest_route=\/wp\/v2\/pages\/1589\/revisions\/2282"}],"wp:attachment":[{"href":"https:\/\/zahnaerztin-haar.de\/index.php?rest_route=%2Fwp%2Fv2%2Fmedia&parent=1589"}],"curies":[{"name":"wp","href":"https:\/\/api.w.org\/{rel}","templated":true}]}}